{"id":110,"date":"2024-08-05T16:29:08","date_gmt":"2024-08-05T13:29:08","guid":{"rendered":"https:\/\/www.drumithardal.com\/fr\/?page_id=110"},"modified":"2024-08-16T15:49:44","modified_gmt":"2024-08-16T12:49:44","slug":"a-propos-de-nous","status":"publish","type":"page","link":"https:\/\/www.drumithardal.com\/fr\/a-propos-de-nous\/","title":{"rendered":"\u00c0 Propos de Nous"},"content":{"rendered":"<h2>MD, \u00dcmit Hardal<\/h2>\n<p>MD, \u00dcmit Hardal a fait ses \u00e9tudes primaires, secondaires et secondaires dans sa ville natale, Sivas. Il a ensuite termin\u00e9 ses \u00e9tudes de m\u00e9decine \u00e0 l&rsquo;Universit\u00e9 d&rsquo;Uluda\u011f. Dr. Apr\u00e8s avoir effectu\u00e9 son service post-sp\u00e9cialisation obligatoire \u00e0 l&rsquo;h\u00f4pital de formation et de recherche L\u00fctfi K\u0131rdar Kartal en 2008, il a servi ses patients \u00e0 l&rsquo;h\u00f4pital allemand pendant 2 ans et \u00e0 l&rsquo;h\u00f4pital central de Kozyata\u011f\u0131 pendant 4 ans. Pendant et apr\u00e8s sa sp\u00e9cialisation, il a orient\u00e9 ses \u00e9tudes vers le nez, la chirurgie fonctionnelle et esth\u00e9tique nasale, la chirurgie de r\u00e9vision du nez, la chirurgie de la pointe nasale et la chirurgie des sinus, qui l&rsquo;int\u00e9ressaient.<\/p>\n<p>Hardal, qui a particip\u00e9 \u00e0 de nombreux congr\u00e8s et programmes de formation organis\u00e9s sur des plateformes nationales et internationales dans ce domaine, voit ses patients dans son propre cabinet \u00e0 Istanbul Ata\u015fehir depuis 2017 et pratique ses interventions chirurgicales dans des h\u00f4pitaux sous contrat \u00e0 Istanbul.<\/p>\n<h3>Notre mission<\/h3>\n<p>Porter la qualit\u00e9 de nos services au-del\u00e0 des normes mondiales afin de faire de la Turquie un pionnier dans le domaine de la sant\u00e9.<\/p>\n<h3>Notre vision<\/h3>\n<p>\u00catre le principal centre d&rsquo;esth\u00e9tique du nez en Turquie, contribuant aux d\u00e9veloppements actuels dans le domaine de l&rsquo;esth\u00e9tique du nez.<\/p>\n","protected":false},"excerpt":{"rendered":"<p>MD, \u00dcmit Hardal MD, \u00dcmit Hardal a fait ses \u00e9tudes primaires, secondaires et secondaires dans sa ville natale, Sivas. Il a ensuite termin\u00e9 ses \u00e9tudes de m\u00e9decine \u00e0 l&rsquo;Universit\u00e9 d&rsquo;Uluda\u011f. Dr. Apr\u00e8s avoir effectu\u00e9 son service post-sp\u00e9cialisation obligatoire \u00e0 l&rsquo;h\u00f4pital de formation et de recherche L\u00fctfi K\u0131rdar Kartal en 2008, il a servi ses patients [&hellip;]<\/p>\n","protected":false},"author":2,"featured_media":0,"parent":0,"menu_order":0,"comment_status":"closed","ping_status":"closed","template":"","meta":{"footnotes":""},"class_list":["post-110","page","type-page","status-publish","hentry"],"_links":{"self":[{"href":"https:\/\/www.drumithardal.com\/fr\/wp-json\/wp\/v2\/pages\/110","targetHints":{"allow":["GET"]}}],"collection":[{"href":"https:\/\/www.drumithardal.com\/fr\/wp-json\/wp\/v2\/pages"}],"about":[{"href":"https:\/\/www.drumithardal.com\/fr\/wp-json\/wp\/v2\/types\/page"}],"author":[{"embeddable":true,"href":"https:\/\/www.drumithardal.com\/fr\/wp-json\/wp\/v2\/users\/2"}],"replies":[{"embeddable":true,"href":"https:\/\/www.drumithardal.com\/fr\/wp-json\/wp\/v2\/comments?post=110"}],"version-history":[{"count":3,"href":"https:\/\/www.drumithardal.com\/fr\/wp-json\/wp\/v2\/pages\/110\/revisions"}],"predecessor-version":[{"id":266,"href":"https:\/\/www.drumithardal.com\/fr\/wp-json\/wp\/v2\/pages\/110\/revisions\/266"}],"wp:attachment":[{"href":"https:\/\/www.drumithardal.com\/fr\/wp-json\/wp\/v2\/media?parent=110"}],"curies":[{"name":"wp","href":"https:\/\/api.w.org\/{rel}","templated":true}]}}